{"id":22,"date":"2015-04-09T20:43:41","date_gmt":"2015-04-09T18:43:41","guid":{"rendered":"http:\/\/mannheim-psychotherapie.de\/?page_id=22"},"modified":"2025-09-02T20:45:07","modified_gmt":"2025-09-02T18:45:07","slug":"impressum","status":"publish","type":"page","link":"https:\/\/mannheim-psychotherapie.de\/?page_id=22","title":{"rendered":"Impressum &amp; Datenschutzerkl\u00e4rung &amp; Barrierefreiheit"},"content":{"rendered":"\n<div class=\"post-header\">\n<p>Dr. Martina Berlinghof<br>\u00c4rztin Psychotherapie<br>Fach\u00e4rztin f\u00fcr Psychiatrie<br>Rastatter Str. 16<br>68239 Mannheim<br>Fon:&nbsp; 0621 4802560<br>Mail: berlinghof@mannheim-psychotherapie.de<\/p>\n<p><span style=\"text-decoration: underline;\">Zust\u00e4ndige Aufsichtsbeh\u00f6rde:<\/span> Landes\u00e4rztekammer Baden-W\u00fcrttemberg, Jahnstr. 40, 70597 Stuttgart<\/p>\n<p><span style=\"text-decoration: underline;\">Zust\u00e4ndige Kassen\u00e4rztliche Vereinigung:<\/span> KV Baden-W\u00fcrttemberg, Ke\u00dflerstr. 1, 76185 Karlsruhe<\/p>\n<\/div>\n\n\n\n<p><span style=\"text-decoration: underline;\">Berufsordnung der Bundes\u00e4rztekammer:&nbsp;<\/span>&nbsp;finden Sie \u00fcber die Suche-Funktion mit den Suchbegriffen \u201eSonderdruck\u201c und \u201eBerufsordnung\u201c bei der Landes\u00e4rztekammer Ba-W\u00fc<\/p>\n\n\n\n<p>Die gesetzliche Berufsbezeichnung \u00c4rztin wurde in der Bundesrepublik Deutschland erworben.<\/p>\n\n\n\n<h2 class=\"wp-block-heading\"><span style=\"text-decoration: underline;\"><strong>Datenschutzerkl\u00e4rung <\/strong><\/span><\/h2>\n\n\n\n<p><strong>f\u00fcr Websitebetreiber nach den Vorgaben der <\/strong><strong>Datenschutzgrundverordnung (DSGVO)<\/strong><strong>&nbsp;<\/strong><\/p>\n\n\n\n<h5 class=\"wp-block-heading\">I.&nbsp;&nbsp;&nbsp;&nbsp;&nbsp;&nbsp; Name und Anschrift des Verantwortlichen<\/h5>\n\n\n\n<p>Der Verantwortliche im Sinne der Datenschutz-Grundverordnung und anderer nationaler Datenschutzgesetze der Mitgliedsstaaten sowie sonstiger datenschutzrechtlicher Bestimmungen ist die:<\/p>\n\n\n\n<p>Dr. Martina Berlinghof<br>Rastatter Str. 16<br>68239 Mannheim<br>Deutschland<br>Telefon: 0621-4802560<br>E-Mail: <a href=\"mailto:berlinghof@mannheim-psychotherapie.de\">berlinghof@mannheim-psychotherapie.de<\/a><br>www.mannheim-psychotherapie.de<\/p>\n\n\n\n<h5 class=\"wp-block-heading\">II.&nbsp;&nbsp;&nbsp;&nbsp; Allgemeines zur Datenverarbeitung<\/h5>\n\n\n\n<p>1.&nbsp;&nbsp;&nbsp;&nbsp; Umfang der Verarbeitung personenbezogener Daten<\/p>\n\n\n\n<p>Wir erheben und verwenden keine personenbezogene Daten unserer Nutzer \u00fcber die Homepage.<\/p>\n\n\n\n<p>Es ist eine Kontaktaufnahme \u00fcber die bereitgestellte E-Mail-Adresse m\u00f6glich. In diesem Fall werden die mit der E-Mail \u00fcbermittelten personenbezogenen Daten des Nutzers gespeichert. Es erfolgt in diesem Zusammenhang keine Weitergabe der Daten an Dritte. Die Daten werden ausschlie\u00dflich f\u00fcr die Verarbeitung der Konversation verwendet.<\/p>\n\n\n\n<p>Wir weisen darauf hin, dass die Daten\u00fcbertragung im Internet (z.&nbsp; B. bei der Kommunikation per E-Mail) Sicherheitsl\u00fccken aufweisen kann. Ein l\u00fcckenloser Schutz der Daten vor dem Zugriff durch Dritte ist nicht m\u00f6glich.<\/p>\n\n\n\n<p>2.&nbsp;&nbsp;&nbsp;&nbsp; Rechtsgrundlage f\u00fcr die Verarbeitung personenbezogener Daten<\/p>\n\n\n\n<p>Soweit wir f\u00fcr Verarbeitungsvorg\u00e4nge personenbezogener Daten eine Einwilligung der betroffenen Person einholen, dient Art.&nbsp;6 Abs.&nbsp;1 lit.&nbsp;a EU-Datenschutzgrundverordnung (DSGVO) als Rechtsgrundlage.<\/p>\n\n\n\n<p>Bei der Verarbeitung von personenbezogenen Daten, die zur Erf\u00fcllung eines Vertrages, dessen Vertragspartei die betroffene Person ist, erforderlich ist, dient Art.&nbsp;6 Abs.&nbsp;1 lit.&nbsp;b DSGVO als Rechtsgrundlage. Dies gilt auch f\u00fcr Verarbeitungsvorg\u00e4nge, die zur Durchf\u00fchrung vorvertraglicher Ma\u00dfnahmen erforderlich sind.<\/p>\n\n\n\n<p>Soweit eine Verarbeitung personenbezogener Daten zur Erf\u00fcllung einer rechtlichen Verpflichtung erforderlich ist, der unser Unternehmen unterliegt, dient Art.&nbsp;6 Abs.&nbsp;1 lit.&nbsp;c DSGVO als Rechtsgrundlage.<\/p>\n\n\n\n<p>F\u00fcr den Fall, dass lebenswichtige Interessen der betroffenen Person oder einer anderen nat\u00fcrlichen Person eine Verarbeitung personenbezogener Daten erforderlich machen, dient Art.&nbsp;6 Abs.&nbsp;1 lit.&nbsp;d DSGVO als Rechtsgrundlage.<\/p>\n\n\n\n<p>Ist die Verarbeitung zur Wahrung eines berechtigten Interesses unseres Unternehmens oder eines Dritten erforderlich und \u00fcberwiegen die Interessen, Grundrechte und Grundfreiheiten des Betroffenen das erstgenannte Interesse nicht, so dient Art.&nbsp;6 Abs.&nbsp;1 lit.&nbsp;f DSGVO als Rechtsgrundlage f\u00fcr die Verarbeitung.<\/p>\n\n\n\n<p>3.&nbsp;&nbsp;&nbsp;&nbsp; Datenl\u00f6schung und Speicherdauer<\/p>\n\n\n\n<p>Die personenbezogenen Daten der betroffenen Person werden gel\u00f6scht oder gesperrt, sobald der Zweck der Speicherung entf\u00e4llt. Eine Speicherung kann dar\u00fcber hinaus erfolgen, wenn dies durch den europ\u00e4ischen oder nationalen Gesetzgeber in unionsrechtlichen Verordnungen, Gesetzen oder sonstigen Vorschriften, denen der Verantwortliche unterliegt, vorgesehen wurde. Eine Sperrung oder L\u00f6schung der Daten erfolgt auch dann, wenn eine durch die genannten Normen vorgeschriebene Speicherfrist abl\u00e4uft, es sei denn, dass eine Erforderlichkeit zur weiteren Speicherung der Daten f\u00fcr einen Vertragsabschluss oder eine Vertragserf\u00fcllung besteht.<\/p>\n\n\n\n<h5 class=\"wp-block-heading\">III.&nbsp;&nbsp; Rechte der betroffenen Person<\/h5>\n\n\n\n<p>Werden personenbezogene Daten von Ihnen verarbeitet, sind Sie Betroffener i. S. d. DSGVO und es stehen Ihnen folgende Rechte gegen\u00fcber dem Verantwortlichen zu:<\/p>\n\n\n\n<p>1.&nbsp;&nbsp;&nbsp;&nbsp; Auskunftsrecht<\/p>\n\n\n\n<p>Sie k\u00f6nnen von dem Verantwortlichen eine Best\u00e4tigung dar\u00fcber verlangen, ob personenbezogene Daten, die Sie betreffen, von uns verarbeitet werden.<\/p>\n\n\n\n<p>Liegt eine solche Verarbeitung vor, k\u00f6nnen Sie \u00fcber folgende Informationen Auskunft verlangen:<\/p>\n\n\n\n<p>(1)&nbsp;&nbsp;&nbsp;&nbsp;&nbsp;&nbsp; die Zwecke, zu denen die personenbezogenen Daten verarbeitet werden;<\/p>\n\n\n\n<p>(2)&nbsp;&nbsp;&nbsp;&nbsp;&nbsp;&nbsp; die Kategorien von personenbezogenen Daten, welche verarbeitet werden;<\/p>\n\n\n\n<p>(3)&nbsp;&nbsp;&nbsp;&nbsp;&nbsp;&nbsp; die Empf\u00e4nger bzw. die Kategorien von Empf\u00e4ngern, gegen\u00fcber denen die Sie betreffenden personenbezogenen Daten offengelegt wurden oder noch offengelegt werden;<\/p>\n\n\n\n<p>(4)&nbsp;&nbsp;&nbsp;&nbsp;&nbsp;&nbsp; die geplante Dauer der Speicherung der Sie betreffenden personenbezogenen Daten oder, falls konkrete Angaben hierzu nicht m\u00f6glich sind, Kriterien f\u00fcr die Festlegung der Speicherdauer;<\/p>\n\n\n\n<p>(5)&nbsp;&nbsp;&nbsp;&nbsp;&nbsp;&nbsp; das Bestehen eines Rechts auf Berichtigung oder L\u00f6schung der Sie betreffenden personenbezogenen Daten, eines Rechts auf Einschr\u00e4nkung der Verarbeitung durch den Verantwortlichen oder eines Widerspruchsrechts gegen diese Verarbeitung;<\/p>\n\n\n\n<p>(6)&nbsp;&nbsp;&nbsp;&nbsp;&nbsp;&nbsp; das Bestehen eines Beschwerderechts bei einer Aufsichtsbeh\u00f6rde;<\/p>\n\n\n\n<p>(7)&nbsp;&nbsp;&nbsp;&nbsp;&nbsp;&nbsp; alle verf\u00fcgbaren Informationen \u00fcber die Herkunft der Daten, wenn die personenbezogenen Daten nicht bei der betroffenen Person erhoben werden;<\/p>\n\n\n\n<p>(8)&nbsp;&nbsp;&nbsp;&nbsp;&nbsp;&nbsp; das Bestehen einer automatisierten Entscheidungsfindung einschlie\u00dflich Profiling gem\u00e4\u00df Art.&nbsp;22 Abs.&nbsp;1 und 4 DSGVO und \u2013 zumindest in diesen F\u00e4llen \u2013 aussagekr\u00e4ftige Informationen \u00fcber die involvierte Logik sowie die Tragweite und die angestrebten Auswirkungen einer derartigen Verarbeitung f\u00fcr die betroffene Person.<\/p>\n\n\n\n<p>Ihnen steht das Recht zu, Auskunft dar\u00fcber zu verlangen, ob die Sie betreffenden personenbezogenen Daten in ein Drittland oder an eine internationale Organisation \u00fcbermittelt werden. In diesem Zusammenhang k\u00f6nnen Sie verlangen, \u00fcber die geeigneten Garantien gem. Art.&nbsp;46 DSGVO im Zusammenhang mit der \u00dcbermittlung unterrichtet zu werden.<\/p>\n\n\n\n<p>2.&nbsp;&nbsp;&nbsp;&nbsp; Recht auf Beschwerde bei einer Aufsichtsbeh\u00f6rde<\/p>\n\n\n\n<p>Unbeschadet eines anderweitigen verwaltungsrechtlichen oder gerichtlichen Rechtsbehelfs steht Ihnen das Recht auf Beschwerde bei einer Aufsichtsbeh\u00f6rde, insbesondere in dem Mitgliedstaat ihres Aufenthaltsorts, ihres Arbeitsplatzes oder des Orts des mutma\u00dflichen Versto\u00dfes, zu, wenn Sie der Ansicht sind, dass die Verarbeitung der Sie betreffenden personenbezogenen Daten gegen die DSGVO verst\u00f6\u00dft.<\/p>\n\n\n\n<p>Die Aufsichtsbeh\u00f6rde, bei der die Beschwerde eingereicht wurde, unterrichtet den Beschwerdef\u00fchrer \u00fcber den Stand und die Ergebnisse der Beschwerde einschlie\u00dflich der M\u00f6glichkeit eines gerichtlichen Rechtsbehelfs nach Art.&nbsp;78 DSGVO.<\/p>\n\n\n\n<div class=\"post-header\">\n<h2 class=\"post-title\"><span style=\"text-decoration: underline;\"><b>Haftungsausschlu\u00df<\/b><\/span><\/h2>\n<\/div>\n\n\n\n<div class=\"post-content\">\n<div class=\"art-postcontent\">\n<div class=\"art-article\">\n<h4>Inhalt des Onlineangebotes<\/h4>\n<p>Der Autor \u00fcbernimmt keinerlei Gew\u00e4hr f\u00fcr die Aktualit\u00e4t, Korrektheit, Vollst\u00e4ndigkeit oder Qualit\u00e4t der bereitgestellten Informationen. Haftungsanspr\u00fcche gegen den Autor, welche sich auf Sch\u00e4den materieller oder ideeller Art beziehen, die durch die Nutzung oder Nichtnutzung der dargebotenen Informationen bzw. durch die Nutzung fehlerhafter und unvollst\u00e4ndiger Informationen verursacht wurden, sind grunds\u00e4tzlich ausgeschlossen, sofern seitens des Autors kein nachweislich vors\u00e4tzliches oder grob fahrl\u00e4ssiges Verschulden vorliegt.<\/p>\n<p>Alle Angebote sind freibleibend und unverbindlich. Der Autor beh\u00e4lt es sich ausdr\u00fccklich vor, Teile der Seiten oder das gesamte Angebot ohne gesonderte Ank\u00fcndigung zu ver\u00e4ndern, zu erg\u00e4nzen, zu l\u00f6schen oder die Ver\u00f6ffentlichung zeitweise oder endg\u00fcltig einzustellen.<\/p>\n<h4>Verweise und Links<\/h4>\n<p>Bei direkten oder indirekten Verweisen auf fremde Webseiten (\u201cHyperlinks\u201d), die au\u00dferhalb des Verantwortungsbereiches des Autors liegen, w\u00fcrde eine Haftungsverpflichtung ausschlie\u00dflich in dem Fall in Kraft treten, in dem der Autor von den Inhalten Kenntnis hat und es ihm technisch m\u00f6glich und zumutbar w\u00e4re, die Nutzung im Falle rechtswidriger Inhalte zu verhindern. Der Autor erkl\u00e4rt hiermit ausdr\u00fccklich, dass zum Zeitpunkt der Linksetzung keine illegalen Inhalte auf den zu verlinkenden Seiten erkennbar waren. Auf die aktuelle und zuk\u00fcnftige Gestaltung, die Inhalte oder die Urheberschaft der verlinkten\/verkn\u00fcpften Seiten hat der Autor keinerlei Einfluss. Deshalb distanziert er sich hiermit ausdr\u00fccklich von allen Inhalten aller verlinkten \/verkn\u00fcpften Seiten, die nach der Linksetzung ver\u00e4ndert wurden. Diese Feststellung gilt f\u00fcr alle innerhalb des eigenen Internetangebotes gesetzten Links und Verweise sowie f\u00fcr Fremdeintr\u00e4ge in vom Autor eingerichteten G\u00e4steb\u00fcchern, Diskussionsforen, Linkverzeichnissen, Mailinglisten und in allen anderen Formen von Datenbanken, auf deren Inhalt externe Schreibzugriffe m\u00f6glich sind. F\u00fcr illegale, fehlerhafte oder unvollst\u00e4ndige Inhalte und insbesondere f\u00fcr Sch\u00e4den, die aus der Nutzung oder Nichtnutzung solcherart dargebotener Informationen entstehen, haftet allein der Anbieter der Seite, auf welche verwiesen wurde, nicht derjenige, der \u00fcber Links auf die jeweilige Ver\u00f6ffentlichung lediglich verweist.<\/p>\n<h4>Urheber- und Kennzeichenrecht<\/h4>\n<p>Der Autor ist bestrebt, in allen Publikationen die Urheberrechte der verwendeten Bilder, Grafiken, Tondokumente, Videosequenzen und Texte zu beachten, von ihm selbst erstellte Bilder, Grafiken, Tondokumente, Videosequenzen und Texte zu nutzen oder auf lizenzfreie Grafiken, Tondokumente, Videosequenzen und Texte zur\u00fcckzugreifen.<\/p>\n<p>Alle innerhalb des Internetangebotes genannten und ggf. durch Dritte gesch\u00fctzten Marken- und Warenzeichen unterliegen uneingeschr\u00e4nkt den Bestimmungen des jeweils g\u00fcltigen Kennzeichenrechts und den Besitzrechten der jeweiligen eingetragenen Eigent\u00fcmer. Allein aufgrund der blo\u00dfen Nennung ist nicht der Schluss zu ziehen, dass Markenzeichen nicht durch Rechte Dritter gesch\u00fctzt sind!<\/p>\n<p>Das Copyright f\u00fcr ver\u00f6ffentlichte, vom Autor selbst erstellte Objekte bleibt allein beim Autor der Seiten. Eine Vervielf\u00e4ltigung oder Verwendung solcher Grafiken, Tondokumente, Videosequenzen und Texte in anderen elektronischen oder gedruckten Publikationen ist ohne ausdr\u00fcckliche Zustimmung des Autors nicht gestattet.<\/p>\n<h4><a href=\"https:\/\/mannheim-psychotherapie.de\/?page_id=258\">Patientenformation zum Datenschutz<\/a><\/h4>\n<h4>Rechtswirksamkeit dieses Haftungsausschlusses<\/h4>\n<p>Dieser Haftungsausschluss ist als Teil des Internetangebotes zu betrachten, von dem aus auf diese Seite verwiesen wurde. Sofern Teile oder einzelne Formulierungen dieses Textes der geltenden Rechtslage nicht, nicht mehr oder nicht vollst\u00e4ndig entsprechen sollten, bleiben die \u00fcbrigen Teile des Dokumentes in ihrem Inhalt und ihrer G\u00fcltigkeit davon unber\u00fchrt.<\/p>\n<\/div>\n<h2><span style=\"text-decoration: underline; color: #000000; background-color: #ffffff;\">Erkl\u00e4rung zur Barrierefreiheit:<\/span><\/h2>\n<p>Stand der Vereinbarkeit mit den Anforderungen der WCAG 2.1:<\/p>\n<p>Wir legen gro\u00dfen Wert darauf, dass unsere Website f\u00fcr alle Nutzerinnen und Nutzer zug\u00e4nglich und nutzbar ist \u2013 unabh\u00e4ngig von individuellen Einschr\u00e4nkungen. Um dies zu gew\u00e4hrleisten, haben wir unsere Homepage auf verschiedene Aspekte der digitalen Barrierefreiheit getestet und optimiert.<\/p>\n<p>Die Testung mit dem Werkzeug &#8222;WAVE&#8220; (Web Accessibility Evaluation Tool)\u00a0hat ergeben, dass die grundlegenden strukturellen und technischen Elemente, die eine barrierefreie Nutzung erm\u00f6glichen, auf unserer Seite vorhanden sind:<\/p>\n<ul>\n<li>\n<p><b>Strukturelle Elemente:<\/b> Die klare Gliederung der Inhalte wird durch die Verwendung einer zentralen Haupt\u00fcberschrift (Heading Level 1) und mehrerer ungeordneter Listen sichergestellt, was das Erfassen der Informationen erleichtert.<\/p>\n<\/li>\n<li>\n<p><b>Formulare und Sprache:<\/b> Wichtige Funktionen wie Formulare sind mit korrekten Beschriftungen (Form Labels) versehen, und die Sprache der Seite ist technisch korrekt hinterlegt, was eine problemlose Interaktion f\u00fcr assistierende Technologien wie Screenreader erm\u00f6glicht.<\/p>\n<\/li>\n<li>\n<p><b>Funktionale Elemente:<\/b> Die Webseite verf\u00fcgt \u00fcber klar definierte Hauptbereiche (\u201eMain Content\u201c) und ein Suchfeld, die eine effiziente Navigation und das Auffinden von Inhalten unterst\u00fctzen.<\/p>\n<\/li>\n<li>\n<p><b>ARIA-Attribute:<\/b> Durch den Einsatz von ARIA (Accessible Rich Internet Applications)-Attributen werden dynamische Inhalte und komplexe Schnittstellen f\u00fcr Menschen mit Behinderungen besser zug\u00e4nglich gemacht.<\/p>\n<\/li>\n<\/ul>\n<p>Die Ergebnisse zeigen, dass unsere Webseite eine solide Basis f\u00fcr eine gute Zug\u00e4nglichkeit bietet und wichtige Standards erf\u00fcllt, um Ihnen ein barrierefreien Zugang\u00a0 zu erm\u00f6glichen. Wir werden auch weiterhin daran arbeiten, unsere Inhalte kontinuierlich zu optimieren und die Zug\u00e4nglichkeit weiter zu verbessern.<\/p>\n<p>Sollten Sie auf Barrieren sto\u00dfen oder Hinweise zur Barrierefreiheit unserer Website haben, freuen wir uns \u00fcber Ihre R\u00fcckmeldung.<br \/>E-Mail: berlinghof@mannheim-psychotherapie.de<br \/>Postanschrift: Dr. Martina Berlinghof, Rastatter Str. 16, 68239 Mannheim<br \/>Telefon: *49 (0)621 \u2013 4802560<br \/>Wir sind bem\u00fcht, Ihre Hinweise sorgf\u00e4ltig zu pr\u00fcfen und Ihnen zeitnah zu antworten.<\/p>\n<\/div>\n<\/div>\n","protected":false},"excerpt":{"rendered":"<p>Dr. Martina Berlinghof\u00c4rztin PsychotherapieFach\u00e4rztin f\u00fcr PsychiatrieRastatter Str. 1668239 MannheimFon:&nbsp; 0621 4802560Mail: berlinghof@mannheim-psychotherapie.de Zust\u00e4ndige Aufsichtsbeh\u00f6rde: Landes\u00e4rztekammer Baden-W\u00fcrttemberg, Jahnstr. 40, 70597 Stuttgart Zust\u00e4ndige Kassen\u00e4rztliche Vereinigung: KV Baden-W\u00fcrttemberg, Ke\u00dflerstr. 1, 76185 Karlsruhe Berufsordnung der Bundes\u00e4rztekammer:&nbsp;&nbsp;finden Sie \u00fcber die Suche-Funktion mit den Suchbegriffen \u201eSonderdruck\u201c und \u201eBerufsordnung\u201c bei der Landes\u00e4rztekammer Ba-W\u00fc Die gesetzliche Berufsbezeichnung \u00c4rztin wurde in der Bundesrepublik Deutschland [&hellip;]<\/p>\n","protected":false},"author":1,"featured_media":0,"parent":13,"menu_order":11,"comment_status":"closed","ping_status":"closed","template":"template-fullwidth.php","meta":{"footnotes":""},"class_list":["post-22","page","type-page","status-publish","hentry","post-preview"],"_links":{"self":[{"href":"https:\/\/mannheim-psychotherapie.de\/index.php?rest_route=\/wp\/v2\/pages\/22","targetHints":{"allow":["GET"]}}],"collection":[{"href":"https:\/\/mannheim-psychotherapie.de\/index.php?rest_route=\/wp\/v2\/pages"}],"about":[{"href":"https:\/\/mannheim-psychotherapie.de\/index.php?rest_route=\/wp\/v2\/types\/page"}],"author":[{"embeddable":true,"href":"https:\/\/mannheim-psychotherapie.de\/index.php?rest_route=\/wp\/v2\/users\/1"}],"replies":[{"embeddable":true,"href":"https:\/\/mannheim-psychotherapie.de\/index.php?rest_route=%2Fwp%2Fv2%2Fcomments&post=22"}],"version-history":[{"count":23,"href":"https:\/\/mannheim-psychotherapie.de\/index.php?rest_route=\/wp\/v2\/pages\/22\/revisions"}],"predecessor-version":[{"id":754,"href":"https:\/\/mannheim-psychotherapie.de\/index.php?rest_route=\/wp\/v2\/pages\/22\/revisions\/754"}],"up":[{"embeddable":true,"href":"https:\/\/mannheim-psychotherapie.de\/index.php?rest_route=\/wp\/v2\/pages\/13"}],"wp:attachment":[{"href":"https:\/\/mannheim-psychotherapie.de\/index.php?rest_route=%2Fwp%2Fv2%2Fmedia&parent=22"}],"curies":[{"name":"wp","href":"https:\/\/api.w.org\/{rel}","templated":true}]}}